{"id":17747,"date":"2022-08-11T19:13:17","date_gmt":"2022-08-11T19:13:17","guid":{"rendered":"https:\/\/givercorp.com\/?page_id=17747"},"modified":"2022-09-25T23:12:09","modified_gmt":"2022-09-25T23:12:09","slug":"crecimiento-de-exportaciones-de-cafe-tostado-en-colombia-2022","status":"publish","type":"page","link":"https:\/\/givercorp.com\/index.php\/crecimiento-de-exportaciones-de-cafe-tostado-en-colombia-2022\/","title":{"rendered":"Crecimiento de exportaciones de caf\u00e9 tostado en Colombia 2022"},"content":{"rendered":"\t\t<div data-elementor-type=\"wp-page\" data-elementor-id=\"17747\" class=\"elementor elementor-17747\">\n\t\t\t\t\t\t<section class=\"elementor-section elementor-top-section elementor-element elementor-element-8b8cc4f elementor-section-boxed elementor-section-height-default elementor-section-height-default\" data-id=\"8b8cc4f\" data-element_type=\"section\">\n\t\t\t\t\t\t<div class=\"elementor-container elementor-column-gap-default\">\n\t\t\t\t\t<div class=\"elementor-column elementor-col-100 elementor-top-column elementor-element elementor-element-52ae88c\" data-id=\"52ae88c\" data-element_type=\"column\">\n\t\t\t<div class=\"elementor-widget-wrap elementor-element-populated\">\n\t\t\t\t\t\t<div class=\"elementor-element elementor-element-29821b7 elementor-widget elementor-widget-image\" data-id=\"29821b7\" data-element_type=\"widget\" data-widget_type=\"image.default\">\n\t\t\t\t<div class=\"elementor-widget-container\">\n\t\t\t\t\t\t\t\t\t\t\t\t\t\t\t<img fetchpriority=\"high\" decoding=\"async\" width=\"656\" height=\"1024\" src=\"https:\/\/givercorp.com\/wp-content\/uploads\/2022\/09\/BLOGGER-MOVIL-656x1024.jpg\" class=\"attachment-large size-large wp-image-18765\" alt=\"\" srcset=\"https:\/\/givercorp.com\/wp-content\/uploads\/2022\/09\/BLOGGER-MOVIL-656x1024.jpg 656w, https:\/\/givercorp.com\/wp-content\/uploads\/2022\/09\/BLOGGER-MOVIL-600x937.jpg 600w, https:\/\/givercorp.com\/wp-content\/uploads\/2022\/09\/BLOGGER-MOVIL-192x300.jpg 192w, https:\/\/givercorp.com\/wp-content\/uploads\/2022\/09\/BLOGGER-MOVIL-768x1199.jpg 768w, https:\/\/givercorp.com\/wp-content\/uploads\/2022\/09\/BLOGGER-MOVIL-984x1536.jpg 984w, https:\/\/givercorp.com\/wp-content\/uploads\/2022\/09\/BLOGGER-MOVIL.jpg 1080w\" sizes=\"(max-width: 656px) 100vw, 656px\" \/>\t\t\t\t\t\t\t\t\t\t\t\t\t\t\t<\/div>\n\t\t\t\t<\/div>\n\t\t\t\t\t<\/div>\n\t\t<\/div>\n\t\t\t\t\t<\/div>\n\t\t<\/section>\n\t\t\t\t<section class=\"elementor-section elementor-top-section elementor-element elementor-element-13d9676 elementor-section-boxed elementor-section-height-default elementor-section-height-default\" data-id=\"13d9676\" data-element_type=\"section\">\n\t\t\t\t\t\t<div class=\"elementor-container elementor-column-gap-default\">\n\t\t\t\t\t<div class=\"elementor-column elementor-col-100 elementor-top-column elementor-element elementor-element-f18b63f\" data-id=\"f18b63f\" data-element_type=\"column\">\n\t\t\t<div class=\"elementor-widget-wrap elementor-element-populated\">\n\t\t\t\t\t\t<div class=\"elementor-element elementor-element-9f168ef elementor-hidden-mobile elementor-widget elementor-widget-image\" data-id=\"9f168ef\" data-element_type=\"widget\" data-widget_type=\"image.default\">\n\t\t\t\t<div class=\"elementor-widget-container\">\n\t\t\t\t\t\t\t\t\t\t\t\t\t\t\t<img decoding=\"async\" src=\"https:\/\/givercorp.com\/wp-content\/uploads\/2022\/08\/banner-blogger-2.jpg\" title=\"banner-blogger-2\" alt=\"banner-blogger-2\" loading=\"lazy\" \/>\t\t\t\t\t\t\t\t\t\t\t\t\t\t\t<\/div>\n\t\t\t\t<\/div>\n\t\t\t\t\t<\/div>\n\t\t<\/div>\n\t\t\t\t\t<\/div>\n\t\t<\/section>\n\t\t\t\t<section class=\"elementor-section elementor-top-section elementor-element elementor-element-5dce6007 elementor-section-content-middle elementor-section-boxed elementor-section-height-default elementor-section-height-default\" data-id=\"5dce6007\" data-element_type=\"section\">\n\t\t\t\t\t\t<div class=\"elementor-container elementor-column-gap-no\">\n\t\t\t\t\t<div class=\"elementor-column elementor-col-100 elementor-top-column elementor-element elementor-element-351cb14\" data-id=\"351cb14\" data-element_type=\"column\">\n\t\t\t<div class=\"elementor-widget-wrap elementor-element-populated\">\n\t\t\t\t\t\t<div class=\"elementor-element elementor-element-27fb9bcb elementor-widget elementor-widget-heading\" data-id=\"27fb9bcb\" data-element_type=\"widget\" data-widget_type=\"heading.default\">\n\t\t\t\t<div class=\"elementor-widget-container\">\n\t\t\t\t\t<h3 class=\"elementor-heading-title elementor-size-default\">Crecimiento de exportaciones de caf\u00e9 tostado en Colombia 2022<\/h3>\t\t\t\t<\/div>\n\t\t\t\t<\/div>\n\t\t\t\t<div class=\"elementor-element elementor-element-67ad7393 elementor-widget elementor-widget-text-editor\" data-id=\"67ad7393\" data-element_type=\"widget\" data-widget_type=\"text-editor.default\">\n\t\t\t\t<div class=\"elementor-widget-container\">\n\t\t\t\t\t\t\t\t\t<p><span style=\"font-weight: 400;\">El caf\u00e9 tostado es uno de los productos preferidos en el exterior por excelencia, la diversidad de sabores ha llevado a que el caf\u00e9 colombiano se posicione en el mundo como uno de los mejores y cada vez exista m\u00e1s demanda del mismo, as\u00ed lo demuestran las \u00faltimas estad\u00edsticas de crecimiento de exportaci\u00f3n con corte en Julio 2022.<\/span><\/p>\t\t\t\t\t\t\t\t<\/div>\n\t\t\t\t<\/div>\n\t\t\t\t<div class=\"elementor-element elementor-element-c4ef9e4 elementor-widget elementor-widget-image\" data-id=\"c4ef9e4\" data-element_type=\"widget\" data-widget_type=\"image.default\">\n\t\t\t\t<div class=\"elementor-widget-container\">\n\t\t\t\t\t\t\t\t\t\t\t\t\t\t\t<img decoding=\"async\" width=\"2560\" height=\"1231\" src=\"https:\/\/givercorp.com\/wp-content\/uploads\/2022\/08\/container-operation-in-port-series-1-scaled.jpg\" class=\"attachment-full size-full wp-image-17762\" alt=\"\" srcset=\"https:\/\/givercorp.com\/wp-content\/uploads\/2022\/08\/container-operation-in-port-series-1-scaled.jpg 2560w, https:\/\/givercorp.com\/wp-content\/uploads\/2022\/08\/container-operation-in-port-series-1-300x144.jpg 300w, https:\/\/givercorp.com\/wp-content\/uploads\/2022\/08\/container-operation-in-port-series-1-1024x492.jpg 1024w, https:\/\/givercorp.com\/wp-content\/uploads\/2022\/08\/container-operation-in-port-series-1-768x369.jpg 768w, https:\/\/givercorp.com\/wp-content\/uploads\/2022\/08\/container-operation-in-port-series-1-1536x738.jpg 1536w, https:\/\/givercorp.com\/wp-content\/uploads\/2022\/08\/container-operation-in-port-series-1-2048x985.jpg 2048w, https:\/\/givercorp.com\/wp-content\/uploads\/2022\/08\/container-operation-in-port-series-1-1320x635.jpg 1320w\" sizes=\"(max-width: 2560px) 100vw, 2560px\" \/>\t\t\t\t\t\t\t\t\t\t\t\t\t\t\t<\/div>\n\t\t\t\t<\/div>\n\t\t\t\t<section class=\"elementor-section elementor-inner-section elementor-element elementor-element-f79c6c3 elementor-section-boxed elementor-section-height-default elementor-section-height-default\" data-id=\"f79c6c3\" data-element_type=\"section\">\n\t\t\t\t\t\t<div class=\"elementor-container elementor-column-gap-default\">\n\t\t\t\t\t<div class=\"elementor-column elementor-col-50 elementor-inner-column elementor-element elementor-element-ecf2daa\" data-id=\"ecf2daa\" data-element_type=\"column\">\n\t\t\t<div class=\"elementor-widget-wrap elementor-element-populated\">\n\t\t\t\t\t\t<div class=\"elementor-element elementor-element-9e2c846 elementor-widget elementor-widget-text-editor\" data-id=\"9e2c846\" data-element_type=\"widget\" data-widget_type=\"text-editor.default\">\n\t\t\t\t<div class=\"elementor-widget-container\">\n\t\t\t\t\t\t\t\t\t<p><span style=\"font-weight: 400;\">En el \u00faltimo a\u00f1o las ventas internacionales han aumentado 30% con respecto al mismo periodo de 2021, acorde a ProColombia, parte de este crecimiento se debi\u00f3 a las compras realizadas por pa\u00edses como Estados Unidos, Corea del Sur, China, Ecuador y Chile, demostrando que el caf\u00e9 de Colombia es uno de los caf\u00e9s m\u00e1s apetecidos a nivel internacional gracias a la calidad y el valor agregado en cada uno de los procesos desde la semilla a la taza.<\/span><\/p>\t\t\t\t\t\t\t\t<\/div>\n\t\t\t\t<\/div>\n\t\t\t\t\t<\/div>\n\t\t<\/div>\n\t\t\t\t<div class=\"elementor-column elementor-col-50 elementor-inner-column elementor-element elementor-element-2fe4f8e0\" data-id=\"2fe4f8e0\" data-element_type=\"column\">\n\t\t\t<div class=\"elementor-widget-wrap elementor-element-populated\">\n\t\t\t\t\t\t<div class=\"elementor-element elementor-element-6a445230 elementor-widget elementor-widget-text-editor\" data-id=\"6a445230\" data-element_type=\"widget\" data-widget_type=\"text-editor.default\">\n\t\t\t\t<div class=\"elementor-widget-container\">\n\t\t\t\t\t\t\t\t\t<p><span style=\"font-weight: 400;\">Si se tiene en cuenta la participaci\u00f3n en las exportaciones de estos productos seg\u00fan su variedad, podemos encontrar que el caf\u00e9 tostado en grano fue exportado principalmente desde lugares como Huila, Valle del Cauca, Antioquia, Caldas, Cundinamarca, Risaralda, Bogot\u00e1 y Nari\u00f1o, mientras que el caf\u00e9 tostado molido, ha sido exportado principalmente desde Valle del Cauca, Antioquia, Caldas, Cundinamarca, Risaralda, Bogot\u00e1, Atl\u00e1ntico y Quind\u00edo, demostrando niveles de especializaci\u00f3n en caf\u00e9s de alta calidad seg\u00fan el territorio.\u00a0<\/span><\/p>\t\t\t\t\t\t\t\t<\/div>\n\t\t\t\t<\/div>\n\t\t\t\t\t<\/div>\n\t\t<\/div>\n\t\t\t\t\t<\/div>\n\t\t<\/section>\n\t\t\t\t\t<\/div>\n\t\t<\/div>\n\t\t\t\t\t<\/div>\n\t\t<\/section>\n\t\t\t\t<section class=\"elementor-section elementor-top-section elementor-element elementor-element-599ea2a2 elementor-section-content-middle elementor-section-boxed elementor-section-height-default elementor-section-height-default\" data-id=\"599ea2a2\" data-element_type=\"section\">\n\t\t\t\t\t\t<div class=\"elementor-container elementor-column-gap-no\">\n\t\t\t\t\t<div class=\"elementor-column elementor-col-50 elementor-top-column elementor-element elementor-element-2e502a69\" data-id=\"2e502a69\" data-element_type=\"column\">\n\t\t\t<div class=\"elementor-widget-wrap elementor-element-populated\">\n\t\t\t\t\t\t<div class=\"elementor-element elementor-element-632e1136 elementor-widget elementor-widget-image\" data-id=\"632e1136\" data-element_type=\"widget\" data-widget_type=\"image.default\">\n\t\t\t\t<div class=\"elementor-widget-container\">\n\t\t\t\t\t\t\t\t\t\t\t\t<figure class=\"wp-caption\">\n\t\t\t\t\t\t\t\t\t\t<img decoding=\"async\" width=\"2560\" height=\"1709\" src=\"https:\/\/givercorp.com\/wp-content\/uploads\/2022\/08\/PIM3341-scaled.jpg\" class=\"attachment-full size-full wp-image-17752\" alt=\"\" srcset=\"https:\/\/givercorp.com\/wp-content\/uploads\/2022\/08\/PIM3341-scaled.jpg 2560w, https:\/\/givercorp.com\/wp-content\/uploads\/2022\/08\/PIM3341-300x200.jpg 300w, https:\/\/givercorp.com\/wp-content\/uploads\/2022\/08\/PIM3341-1024x684.jpg 1024w, https:\/\/givercorp.com\/wp-content\/uploads\/2022\/08\/PIM3341-768x513.jpg 768w, https:\/\/givercorp.com\/wp-content\/uploads\/2022\/08\/PIM3341-1536x1025.jpg 1536w, https:\/\/givercorp.com\/wp-content\/uploads\/2022\/08\/PIM3341-2048x1367.jpg 2048w, https:\/\/givercorp.com\/wp-content\/uploads\/2022\/08\/PIM3341-1320x881.jpg 1320w\" sizes=\"(max-width: 2560px) 100vw, 2560px\" \/>\t\t\t\t\t\t\t\t\t\t\t<figcaption class=\"widget-image-caption wp-caption-text\">Copyrigth Fotograf\u00eda Grupo Asociativo Villa Esperanza<\/figcaption>\n\t\t\t\t\t\t\t\t\t\t<\/figure>\n\t\t\t\t\t\t\t\t\t<\/div>\n\t\t\t\t<\/div>\n\t\t\t\t\t<\/div>\n\t\t<\/div>\n\t\t\t\t<div class=\"elementor-column elementor-col-50 elementor-top-column elementor-element elementor-element-6c41027a\" data-id=\"6c41027a\" data-element_type=\"column\">\n\t\t\t<div class=\"elementor-widget-wrap elementor-element-populated\">\n\t\t\t\t\t\t<div class=\"elementor-element elementor-element-56821919 elementor-widget elementor-widget-text-editor\" data-id=\"56821919\" data-element_type=\"widget\" data-widget_type=\"text-editor.default\">\n\t\t\t\t<div class=\"elementor-widget-container\">\n\t\t\t\t\t\t\t\t\t<p><span style=\"font-weight: 400;\">En Giver nos especializamos en Caf\u00e9, somos parte del Grupo Asociativo Villa Esperanza GAVE, ubicado en el Huila, conocemos cada proceso desde la semilla hasta la taza, manejando los m\u00e1s altos est\u00e1ndares de calidad, si tienes un proyecto que te interese potenciar, escribenos y nosotros te ayudamos, recuerda que buscamos oportunidades en el mercado para ti, clientes y manejamos toda la cadena log\u00edstica junto con nuestros aliados.&nbsp;<\/span><\/p>\n<p><span style=\"font-weight: 400;\">\u00bf<\/span><b>Quieres brindar oportunidades al campo colombiano? <\/b><\/p>\t\t\t\t\t\t\t\t<\/div>\n\t\t\t\t<\/div>\n\t\t\t\t<div class=\"elementor-element elementor-element-3f345cb elementor-widget elementor-widget-text-editor\" data-id=\"3f345cb\" data-element_type=\"widget\" data-widget_type=\"text-editor.default\">\n\t\t\t\t<div class=\"elementor-widget-container\">\n\t\t\t\t\t\t\t\t\t<p><b>Escrito por Paula Espa\u00f1ol<\/b><\/p>\t\t\t\t\t\t\t\t<\/div>\n\t\t\t\t<\/div>\n\t\t\t\t\t<\/div>\n\t\t<\/div>\n\t\t\t\t\t<\/div>\n\t\t<\/section>\n\t\t\t\t<section class=\"elementor-section elementor-top-section elementor-element elementor-element-3abcd8fc elementor-section-content-middle elementor-section-boxed elementor-section-height-default elementor-section-height-default\" data-id=\"3abcd8fc\" data-element_type=\"section\" data-settings=\"{&quot;background_background&quot;:&quot;classic&quot;}\">\n\t\t\t\t\t\t\t<div class=\"elementor-background-overlay\"><\/div>\n\t\t\t\t\t\t\t<div class=\"elementor-container elementor-column-gap-extended\">\n\t\t\t\t\t<div class=\"elementor-column elementor-col-33 elementor-top-column elementor-element elementor-element-67a1385b\" data-id=\"67a1385b\" data-element_type=\"column\">\n\t\t\t<div class=\"elementor-widget-wrap elementor-element-populated\">\n\t\t\t\t\t\t<div class=\"elementor-element elementor-element-4e48c3af elementor-invisible elementor-widget elementor-widget-heading\" data-id=\"4e48c3af\" data-element_type=\"widget\" data-settings=\"{&quot;_animation&quot;:&quot;fadeIn&quot;}\" data-widget_type=\"heading.default\">\n\t\t\t\t<div class=\"elementor-widget-container\">\n\t\t\t\t\t<h1 class=\"elementor-heading-title elementor-size-xl\">contact<\/h1>\t\t\t\t<\/div>\n\t\t\t\t<\/div>\n\t\t\t\t<div class=\"elementor-element elementor-element-67af95ee elementor-widget elementor-widget-text-editor\" data-id=\"67af95ee\" data-element_type=\"widget\" data-widget_type=\"text-editor.default\">\n\t\t\t\t<div class=\"elementor-widget-container\">\n\t\t\t\t\t\t\t\t\t<p>Ubicaci\u00f3n: Av Calle 13 #108A \u2013 85 Zona Franca Bogot\u00e1<\/p><p>Tel\u00e9fono: (+57) 322 902 0026<\/p><p>Email: operaciones@givercorp.com<\/p><p>Atenci\u00f3: Lunes \u2013 Viernes 8:30 a 17:30<\/p>\t\t\t\t\t\t\t\t<\/div>\n\t\t\t\t<\/div>\n\t\t\t\t\t<\/div>\n\t\t<\/div>\n\t\t\t\t<div class=\"elementor-column elementor-col-33 elementor-top-column elementor-element elementor-element-74dbc04b\" data-id=\"74dbc04b\" data-element_type=\"column\">\n\t\t\t<div class=\"elementor-widget-wrap\">\n\t\t\t\t\t\t\t<\/div>\n\t\t<\/div>\n\t\t\t\t<div class=\"elementor-column elementor-col-33 elementor-top-column elementor-element elementor-element-7bb9efeb\" data-id=\"7bb9efeb\" data-element_type=\"column\">\n\t\t\t<div class=\"elementor-widget-wrap elementor-element-populated\">\n\t\t\t\t\t\t<div class=\"elementor-element elementor-element-4ad8e50 elementor-widget elementor-widget-image\" data-id=\"4ad8e50\" data-element_type=\"widget\" data-widget_type=\"image.default\">\n\t\t\t\t<div class=\"elementor-widget-container\">\n\t\t\t\t\t\t\t\t\t\t\t\t\t\t\t<img loading=\"lazy\" decoding=\"async\" width=\"1024\" height=\"576\" src=\"https:\/\/givercorp.com\/wp-content\/uploads\/2022\/03\/logo-blanco-1024x576.png\" class=\"attachment-large size-large wp-image-17295\" alt=\"\" srcset=\"https:\/\/givercorp.com\/wp-content\/uploads\/2022\/03\/logo-blanco-1024x576.png 1024w, https:\/\/givercorp.com\/wp-content\/uploads\/2022\/03\/logo-blanco-300x169.png 300w, https:\/\/givercorp.com\/wp-content\/uploads\/2022\/03\/logo-blanco-768x432.png 768w, https:\/\/givercorp.com\/wp-content\/uploads\/2022\/03\/logo-blanco-1536x864.png 1536w, https:\/\/givercorp.com\/wp-content\/uploads\/2022\/03\/logo-blanco-1320x743.png 1320w, https:\/\/givercorp.com\/wp-content\/uploads\/2022\/03\/logo-blanco.png 1920w\" sizes=\"(max-width: 1024px) 100vw, 1024px\" \/>\t\t\t\t\t\t\t\t\t\t\t\t\t\t\t<\/div>\n\t\t\t\t<\/div>\n\t\t\t\t\t<\/div>\n\t\t<\/div>\n\t\t\t\t\t<\/div>\n\t\t<\/section>\n\t\t\t\t<section class=\"elementor-section elementor-top-section elementor-element elementor-element-1795680b elementor-section-boxed elementor-section-height-default elementor-section-height-default\" data-id=\"1795680b\" data-element_type=\"section\" data-settings=\"{&quot;background_background&quot;:&quot;classic&quot;}\">\n\t\t\t\t\t\t<div class=\"elementor-container elementor-column-gap-default\">\n\t\t\t\t\t<div class=\"elementor-column elementor-col-100 elementor-top-column elementor-element elementor-element-7a6630b\" data-id=\"7a6630b\" data-element_type=\"column\">\n\t\t\t<div class=\"elementor-widget-wrap elementor-element-populated\">\n\t\t\t\t\t\t<div class=\"elementor-element elementor-element-6e8ce067 elementor-widget elementor-widget-elementskit-heading\" data-id=\"6e8ce067\" data-element_type=\"widget\" data-widget_type=\"elementskit-heading.default\">\n\t\t\t\t<div class=\"elementor-widget-container\">\n\t\t\t\t\t<div class=\"ekit-wid-con\" ><div class=\"ekit-heading elementskit-section-title-wraper text_center   ekit_heading_tablet-   ekit_heading_mobile-text_center\"><p class=\"ekit-heading--title elementskit-section-title \">\u00a9 2022  All rights reserved<\/p><\/div><\/div>\t\t\t\t<\/div>\n\t\t\t\t<\/div>\n\t\t\t\t\t<\/div>\n\t\t<\/div>\n\t\t\t\t\t<\/div>\n\t\t<\/section>\n\t\t\t\t<\/div>\n\t\t","protected":false},"excerpt":{"rendered":"<p>Crecimiento de exportaciones de caf\u00e9 tostado en Colombia 2022 El caf\u00e9 tostado es uno de los productos preferidos en el exterior por excelencia, la diversidad de sabores ha llevado a [&hellip;]<\/p>\n","protected":false},"author":2,"featured_media":0,"parent":0,"menu_order":0,"comment_status":"closed","ping_status":"closed","template":"","meta":{"inline_featured_image":false,"_uag_custom_page_level_css":"","footnotes":""},"class_list":["post-17747","page","type-page","status-publish","hentry","entry"],"yoast_head":"<!-- This site is optimized with the Yoast SEO plugin v26.3 - https:\/\/yoast.com\/wordpress\/plugins\/seo\/ -->\n<title>Crecimiento de exportaciones de caf\u00e9 tostado en Colombia 2022 - Giver Corp<\/title>\n<meta name=\"robots\" content=\"index, follow, max-snippet:-1, max-image-preview:large, max-video-preview:-1\" \/>\n<link rel=\"canonical\" href=\"https:\/\/givercorp-com-383715.hostingersite.com\/index.php\/crecimiento-de-exportaciones-de-cafe-tostado-en-colombia-2022\/\" \/>\n<meta property=\"og:locale\" content=\"es_ES\" \/>\n<meta property=\"og:type\" content=\"article\" \/>\n<meta property=\"og:title\" content=\"Crecimiento de exportaciones de caf\u00e9 tostado en Colombia 2022 - Giver Corp\" \/>\n<meta property=\"og:description\" content=\"Crecimiento de exportaciones de caf\u00e9 tostado en Colombia 2022 El caf\u00e9 tostado es uno de los productos preferidos en el exterior por excelencia, la diversidad de sabores ha llevado a [&hellip;]\" \/>\n<meta property=\"og:url\" content=\"https:\/\/givercorp-com-383715.hostingersite.com\/index.php\/crecimiento-de-exportaciones-de-cafe-tostado-en-colombia-2022\/\" \/>\n<meta property=\"og:site_name\" content=\"Giver Corp\" \/>\n<meta property=\"article:modified_time\" content=\"2022-09-25T23:12:09+00:00\" \/>\n<meta property=\"og:image\" content=\"https:\/\/givercorp-com-383715.hostingersite.com\/wp-content\/uploads\/2022\/09\/BLOGGER-MOVIL-656x1024.jpg\" \/>\n<meta name=\"twitter:card\" content=\"summary_large_image\" \/>\n<meta name=\"twitter:label1\" content=\"Tiempo de lectura\" \/>\n\t<meta name=\"twitter:data1\" content=\"3 minutos\" \/>\n<script type=\"application\/ld+json\" class=\"yoast-schema-graph\">{\"@context\":\"https:\/\/schema.org\",\"@graph\":[{\"@type\":\"WebPage\",\"@id\":\"https:\/\/givercorp-com-383715.hostingersite.com\/index.php\/crecimiento-de-exportaciones-de-cafe-tostado-en-colombia-2022\/\",\"url\":\"https:\/\/givercorp-com-383715.hostingersite.com\/index.php\/crecimiento-de-exportaciones-de-cafe-tostado-en-colombia-2022\/\",\"name\":\"Crecimiento de exportaciones de caf\u00e9 tostado en Colombia 2022 - Giver Corp\",\"isPartOf\":{\"@id\":\"https:\/\/givercorp-com-383715.hostingersite.com\/#website\"},\"primaryImageOfPage\":{\"@id\":\"https:\/\/givercorp-com-383715.hostingersite.com\/index.php\/crecimiento-de-exportaciones-de-cafe-tostado-en-colombia-2022\/#primaryimage\"},\"image\":{\"@id\":\"https:\/\/givercorp-com-383715.hostingersite.com\/index.php\/crecimiento-de-exportaciones-de-cafe-tostado-en-colombia-2022\/#primaryimage\"},\"thumbnailUrl\":\"https:\/\/givercorp.com\/wp-content\/uploads\/2022\/09\/BLOGGER-MOVIL-656x1024.jpg\",\"datePublished\":\"2022-08-11T19:13:17+00:00\",\"dateModified\":\"2022-09-25T23:12:09+00:00\",\"breadcrumb\":{\"@id\":\"https:\/\/givercorp-com-383715.hostingersite.com\/index.php\/crecimiento-de-exportaciones-de-cafe-tostado-en-colombia-2022\/#breadcrumb\"},\"inLanguage\":\"es\",\"potentialAction\":[{\"@type\":\"ReadAction\",\"target\":[\"https:\/\/givercorp-com-383715.hostingersite.com\/index.php\/crecimiento-de-exportaciones-de-cafe-tostado-en-colombia-2022\/\"]}]},{\"@type\":\"ImageObject\",\"inLanguage\":\"es\",\"@id\":\"https:\/\/givercorp-com-383715.hostingersite.com\/index.php\/crecimiento-de-exportaciones-de-cafe-tostado-en-colombia-2022\/#primaryimage\",\"url\":\"https:\/\/givercorp.com\/wp-content\/uploads\/2022\/09\/BLOGGER-MOVIL.jpg\",\"contentUrl\":\"https:\/\/givercorp.com\/wp-content\/uploads\/2022\/09\/BLOGGER-MOVIL.jpg\",\"width\":1080,\"height\":1686},{\"@type\":\"BreadcrumbList\",\"@id\":\"https:\/\/givercorp-com-383715.hostingersite.com\/index.php\/crecimiento-de-exportaciones-de-cafe-tostado-en-colombia-2022\/#breadcrumb\",\"itemListElement\":[{\"@type\":\"ListItem\",\"position\":1,\"name\":\"Home\",\"item\":\"https:\/\/givercorp.com\/\"},{\"@type\":\"ListItem\",\"position\":2,\"name\":\"Crecimiento de exportaciones de caf\u00e9 tostado en Colombia 2022\"}]},{\"@type\":\"WebSite\",\"@id\":\"https:\/\/givercorp-com-383715.hostingersite.com\/#website\",\"url\":\"https:\/\/givercorp-com-383715.hostingersite.com\/\",\"name\":\"Giver Corp\",\"description\":\"Agencia de internacionalizaci\u00f3n\",\"publisher\":{\"@id\":\"https:\/\/givercorp-com-383715.hostingersite.com\/#organization\"},\"potentialAction\":[{\"@type\":\"SearchAction\",\"target\":{\"@type\":\"EntryPoint\",\"urlTemplate\":\"https:\/\/givercorp-com-383715.hostingersite.com\/?s={search_term_string}\"},\"query-input\":{\"@type\":\"PropertyValueSpecification\",\"valueRequired\":true,\"valueName\":\"search_term_string\"}}],\"inLanguage\":\"es\"},{\"@type\":\"Organization\",\"@id\":\"https:\/\/givercorp-com-383715.hostingersite.com\/#organization\",\"name\":\"Giver Corp\",\"url\":\"https:\/\/givercorp-com-383715.hostingersite.com\/\",\"logo\":{\"@type\":\"ImageObject\",\"inLanguage\":\"es\",\"@id\":\"https:\/\/givercorp-com-383715.hostingersite.com\/#\/schema\/logo\/image\/\",\"url\":\"https:\/\/givercorp.com\/wp-content\/uploads\/2022\/08\/cropped-logo-giver-color.png\",\"contentUrl\":\"https:\/\/givercorp.com\/wp-content\/uploads\/2022\/08\/cropped-logo-giver-color.png\",\"width\":1920,\"height\":599,\"caption\":\"Giver Corp\"},\"image\":{\"@id\":\"https:\/\/givercorp-com-383715.hostingersite.com\/#\/schema\/logo\/image\/\"}}]}<\/script>\n<!-- \/ Yoast SEO plugin. -->","yoast_head_json":{"title":"Crecimiento de exportaciones de caf\u00e9 tostado en Colombia 2022 - Giver Corp","robots":{"index":"index","follow":"follow","max-snippet":"max-snippet:-1","max-image-preview":"max-image-preview:large","max-video-preview":"max-video-preview:-1"},"canonical":"https:\/\/givercorp-com-383715.hostingersite.com\/index.php\/crecimiento-de-exportaciones-de-cafe-tostado-en-colombia-2022\/","og_locale":"es_ES","og_type":"article","og_title":"Crecimiento de exportaciones de caf\u00e9 tostado en Colombia 2022 - Giver Corp","og_description":"Crecimiento de exportaciones de caf\u00e9 tostado en Colombia 2022 El caf\u00e9 tostado es uno de los productos preferidos en el exterior por excelencia, la diversidad de sabores ha llevado a [&hellip;]","og_url":"https:\/\/givercorp-com-383715.hostingersite.com\/index.php\/crecimiento-de-exportaciones-de-cafe-tostado-en-colombia-2022\/","og_site_name":"Giver Corp","article_modified_time":"2022-09-25T23:12:09+00:00","og_image":[{"url":"https:\/\/givercorp-com-383715.hostingersite.com\/wp-content\/uploads\/2022\/09\/BLOGGER-MOVIL-656x1024.jpg","type":"","width":"","height":""}],"twitter_card":"summary_large_image","twitter_misc":{"Tiempo de lectura":"3 minutos"},"schema":{"@context":"https:\/\/schema.org","@graph":[{"@type":"WebPage","@id":"https:\/\/givercorp-com-383715.hostingersite.com\/index.php\/crecimiento-de-exportaciones-de-cafe-tostado-en-colombia-2022\/","url":"https:\/\/givercorp-com-383715.hostingersite.com\/index.php\/crecimiento-de-exportaciones-de-cafe-tostado-en-colombia-2022\/","name":"Crecimiento de exportaciones de caf\u00e9 tostado en Colombia 2022 - Giver Corp","isPartOf":{"@id":"https:\/\/givercorp-com-383715.hostingersite.com\/#website"},"primaryImageOfPage":{"@id":"https:\/\/givercorp-com-383715.hostingersite.com\/index.php\/crecimiento-de-exportaciones-de-cafe-tostado-en-colombia-2022\/#primaryimage"},"image":{"@id":"https:\/\/givercorp-com-383715.hostingersite.com\/index.php\/crecimiento-de-exportaciones-de-cafe-tostado-en-colombia-2022\/#primaryimage"},"thumbnailUrl":"https:\/\/givercorp.com\/wp-content\/uploads\/2022\/09\/BLOGGER-MOVIL-656x1024.jpg","datePublished":"2022-08-11T19:13:17+00:00","dateModified":"2022-09-25T23:12:09+00:00","breadcrumb":{"@id":"https:\/\/givercorp-com-383715.hostingersite.com\/index.php\/crecimiento-de-exportaciones-de-cafe-tostado-en-colombia-2022\/#breadcrumb"},"inLanguage":"es","potentialAction":[{"@type":"ReadAction","target":["https:\/\/givercorp-com-383715.hostingersite.com\/index.php\/crecimiento-de-exportaciones-de-cafe-tostado-en-colombia-2022\/"]}]},{"@type":"ImageObject","inLanguage":"es","@id":"https:\/\/givercorp-com-383715.hostingersite.com\/index.php\/crecimiento-de-exportaciones-de-cafe-tostado-en-colombia-2022\/#primaryimage","url":"https:\/\/givercorp.com\/wp-content\/uploads\/2022\/09\/BLOGGER-MOVIL.jpg","contentUrl":"https:\/\/givercorp.com\/wp-content\/uploads\/2022\/09\/BLOGGER-MOVIL.jpg","width":1080,"height":1686},{"@type":"BreadcrumbList","@id":"https:\/\/givercorp-com-383715.hostingersite.com\/index.php\/crecimiento-de-exportaciones-de-cafe-tostado-en-colombia-2022\/#breadcrumb","itemListElement":[{"@type":"ListItem","position":1,"name":"Home","item":"https:\/\/givercorp.com\/"},{"@type":"ListItem","position":2,"name":"Crecimiento de exportaciones de caf\u00e9 tostado en Colombia 2022"}]},{"@type":"WebSite","@id":"https:\/\/givercorp-com-383715.hostingersite.com\/#website","url":"https:\/\/givercorp-com-383715.hostingersite.com\/","name":"Giver Corp","description":"Agencia de internacionalizaci\u00f3n","publisher":{"@id":"https:\/\/givercorp-com-383715.hostingersite.com\/#organization"},"potentialAction":[{"@type":"SearchAction","target":{"@type":"EntryPoint","urlTemplate":"https:\/\/givercorp-com-383715.hostingersite.com\/?s={search_term_string}"},"query-input":{"@type":"PropertyValueSpecification","valueRequired":true,"valueName":"search_term_string"}}],"inLanguage":"es"},{"@type":"Organization","@id":"https:\/\/givercorp-com-383715.hostingersite.com\/#organization","name":"Giver Corp","url":"https:\/\/givercorp-com-383715.hostingersite.com\/","logo":{"@type":"ImageObject","inLanguage":"es","@id":"https:\/\/givercorp-com-383715.hostingersite.com\/#\/schema\/logo\/image\/","url":"https:\/\/givercorp.com\/wp-content\/uploads\/2022\/08\/cropped-logo-giver-color.png","contentUrl":"https:\/\/givercorp.com\/wp-content\/uploads\/2022\/08\/cropped-logo-giver-color.png","width":1920,"height":599,"caption":"Giver Corp"},"image":{"@id":"https:\/\/givercorp-com-383715.hostingersite.com\/#\/schema\/logo\/image\/"}}]}},"uagb_featured_image_src":{"full":false,"thumbnail":false,"medium":false,"medium_large":false,"large":false,"1536x1536":false,"2048x2048":false,"bm-post-thumb":false,"bm-post-medium":false,"ocean-thumb-m":false,"ocean-thumb-ml":false,"ocean-thumb-l":false,"mailpoet_newsletter_max":false},"uagb_author_info":{"display_name":"Nicolas Gutierrez","author_link":"https:\/\/givercorp.com\/index.php\/author\/nico\/"},"uagb_comment_info":0,"uagb_excerpt":"Crecimiento de exportaciones de caf\u00e9 tostado en Colombia 2022 El caf\u00e9 tostado es uno de los productos preferidos en el exterior por excelencia, la diversidad de sabores ha llevado a [&hellip;]","_links":{"self":[{"href":"https:\/\/givercorp.com\/index.php\/wp-json\/wp\/v2\/pages\/17747","targetHints":{"allow":["GET"]}}],"collection":[{"href":"https:\/\/givercorp.com\/index.php\/wp-json\/wp\/v2\/pages"}],"about":[{"href":"https:\/\/givercorp.com\/index.php\/wp-json\/wp\/v2\/types\/page"}],"author":[{"embeddable":true,"href":"https:\/\/givercorp.com\/index.php\/wp-json\/wp\/v2\/users\/2"}],"replies":[{"embeddable":true,"href":"https:\/\/givercorp.com\/index.php\/wp-json\/wp\/v2\/comments?post=17747"}],"version-history":[{"count":26,"href":"https:\/\/givercorp.com\/index.php\/wp-json\/wp\/v2\/pages\/17747\/revisions"}],"predecessor-version":[{"id":18807,"href":"https:\/\/givercorp.com\/index.php\/wp-json\/wp\/v2\/pages\/17747\/revisions\/18807"}],"wp:attachment":[{"href":"https:\/\/givercorp.com\/index.php\/wp-json\/wp\/v2\/media?parent=17747"}],"curies":[{"name":"wp","href":"https:\/\/api.w.org\/{rel}","templated":true}]}}