{"id":17724,"date":"2022-08-11T18:48:42","date_gmt":"2022-08-11T18:48:42","guid":{"rendered":"https:\/\/givercorp.com\/?page_id=17724"},"modified":"2022-08-15T00:43:38","modified_gmt":"2022-08-15T00:43:38","slug":"relaciones-comerciales-entre-colombia-y-japon","status":"publish","type":"page","link":"https:\/\/givercorp.com\/index.php\/relaciones-comerciales-entre-colombia-y-japon\/","title":{"rendered":"Relaciones comerciales entre Colombia y Jap\u00f3n"},"content":{"rendered":"\t\t<div data-elementor-type=\"wp-page\" data-elementor-id=\"17724\" class=\"elementor elementor-17724\">\n\t\t\t\t\t\t<section class=\"elementor-section elementor-top-section elementor-element elementor-element-13d9676 elementor-section-boxed elementor-section-height-default elementor-section-height-default\" data-id=\"13d9676\" data-element_type=\"section\">\n\t\t\t\t\t\t<div class=\"elementor-container elementor-column-gap-default\">\n\t\t\t\t\t<div class=\"elementor-column elementor-col-100 elementor-top-column elementor-element elementor-element-f18b63f\" data-id=\"f18b63f\" data-element_type=\"column\">\n\t\t\t<div class=\"elementor-widget-wrap elementor-element-populated\">\n\t\t\t\t\t\t<div class=\"elementor-element elementor-element-9f168ef elementor-widget elementor-widget-image\" data-id=\"9f168ef\" data-element_type=\"widget\" data-widget_type=\"image.default\">\n\t\t\t\t<div class=\"elementor-widget-container\">\n\t\t\t\t\t\t\t\t\t\t\t\t\t\t\t<img decoding=\"async\" src=\"https:\/\/givercorp.com\/wp-content\/uploads\/2022\/08\/BLOGGER-PORTADA-1.jpg\" title=\"BLOGGER-PORTADA\" alt=\"BLOGGER-PORTADA\" loading=\"lazy\" \/>\t\t\t\t\t\t\t\t\t\t\t\t\t\t\t<\/div>\n\t\t\t\t<\/div>\n\t\t\t\t\t<\/div>\n\t\t<\/div>\n\t\t\t\t\t<\/div>\n\t\t<\/section>\n\t\t\t\t<section class=\"elementor-section elementor-top-section elementor-element elementor-element-6bae1739 elementor-section-content-middle elementor-section-boxed elementor-section-height-default elementor-section-height-default\" data-id=\"6bae1739\" data-element_type=\"section\">\n\t\t\t\t\t\t<div class=\"elementor-container elementor-column-gap-no\">\n\t\t\t\t\t<div class=\"elementor-column elementor-col-50 elementor-top-column elementor-element elementor-element-6d0f8b0\" data-id=\"6d0f8b0\" data-element_type=\"column\">\n\t\t\t<div class=\"elementor-widget-wrap elementor-element-populated\">\n\t\t\t\t\t\t<div class=\"elementor-element elementor-element-37998254 elementor-widget-divider--view-line elementor-widget elementor-widget-divider\" data-id=\"37998254\" data-element_type=\"widget\" data-widget_type=\"divider.default\">\n\t\t\t\t<div class=\"elementor-widget-container\">\n\t\t\t\t\t\t\t<div class=\"elementor-divider\">\n\t\t\t<span class=\"elementor-divider-separator\">\n\t\t\t\t\t\t<\/span>\n\t\t<\/div>\n\t\t\t\t\t\t<\/div>\n\t\t\t\t<\/div>\n\t\t\t\t\t<\/div>\n\t\t<\/div>\n\t\t\t\t<div class=\"elementor-column elementor-col-50 elementor-top-column elementor-element elementor-element-5274f920\" data-id=\"5274f920\" data-element_type=\"column\">\n\t\t\t<div class=\"elementor-widget-wrap elementor-element-populated\">\n\t\t\t\t\t\t<div class=\"elementor-element elementor-element-47e7acf3 elementor-widget elementor-widget-heading\" data-id=\"47e7acf3\" data-element_type=\"widget\" data-widget_type=\"heading.default\">\n\t\t\t\t<div class=\"elementor-widget-container\">\n\t\t\t\t\t<h5 class=\"elementor-heading-title elementor-size-default\">Escrito por Paula Espa\u00f1ol<\/h5>\t\t\t\t<\/div>\n\t\t\t\t<\/div>\n\t\t\t\t<div class=\"elementor-element elementor-element-62b33c1f elementor-widget elementor-widget-heading\" data-id=\"62b33c1f\" data-element_type=\"widget\" data-widget_type=\"heading.default\">\n\t\t\t\t<div class=\"elementor-widget-container\">\n\t\t\t\t\t<h4 class=\"elementor-heading-title elementor-size-default\">Relaciones comerciales entre Colombia y Jap\u00f3n<\/h4>\t\t\t\t<\/div>\n\t\t\t\t<\/div>\n\t\t\t\t<div class=\"elementor-element elementor-element-2b5f20d4 elementor-widget elementor-widget-text-editor\" data-id=\"2b5f20d4\" data-element_type=\"widget\" data-widget_type=\"text-editor.default\">\n\t\t\t\t<div class=\"elementor-widget-container\">\n\t\t\t\t\t\t\t\t\t<p><span style=\"font-weight: 400;\">Por a\u00f1os Colombia y Jap\u00f3n han sostenido una relaci\u00f3n pol\u00edtica y comercial de gran \u00e9xito que ha brindado acceso a los mercados de cada uno de los pa\u00edses de manera complementaria. Desde colombia se brindan tradicionalmente productos como caf\u00e9, flores y carb\u00f3n,\u00a0 sin embargo, en los \u00faltimos a\u00f1os el aguacate hass y el cacao han tomado fuerza en este mercado aumentando desde 2020 la exportaci\u00f3n de estos productos, ProColombia y el Embajador de Colombia en Jap\u00f3n Santiago Pardo concuerdan en que esta es una oportunidad de aumentar la exportaci\u00f3n de productos del agro a Jap\u00f3n con el objetivo de posicionar a Colombia en este mercado.<\/span><\/p>\t\t\t\t\t\t\t\t<\/div>\n\t\t\t\t<\/div>\n\t\t\t\t\t<\/div>\n\t\t<\/div>\n\t\t\t\t\t<\/div>\n\t\t<\/section>\n\t\t\t\t<section class=\"elementor-section elementor-top-section elementor-element elementor-element-30ac5e0d elementor-section-content-middle elementor-reverse-mobile elementor-section-boxed elementor-section-height-default elementor-section-height-default\" data-id=\"30ac5e0d\" data-element_type=\"section\">\n\t\t\t\t\t\t<div class=\"elementor-container elementor-column-gap-no\">\n\t\t\t\t\t<div class=\"elementor-column elementor-col-50 elementor-top-column elementor-element elementor-element-2bb062cd\" data-id=\"2bb062cd\" data-element_type=\"column\">\n\t\t\t<div class=\"elementor-widget-wrap elementor-element-populated\">\n\t\t\t\t\t\t<div class=\"elementor-element elementor-element-66115521 elementor-widget elementor-widget-text-editor\" data-id=\"66115521\" data-element_type=\"widget\" data-widget_type=\"text-editor.default\">\n\t\t\t\t<div class=\"elementor-widget-container\">\n\t\t\t\t\t\t\t\t\t<p><span style=\"font-weight: 400;\">Por a\u00f1os Colombia y Jap\u00f3n han sostenido una relaci\u00f3n pol\u00edtica y comercial de gran \u00e9xito que ha brindado acceso a los mercados de cada uno de los pa\u00edses de manera complementaria. Desde colombia se brindan tradicionalmente productos como caf\u00e9, flores y carb\u00f3n,\u00a0 sin embargo, en los \u00faltimos a\u00f1os el aguacate hass y el cacao han tomado fuerza en este mercado aumentando desde 2020 la exportaci\u00f3n de estos productos, ProColombia y el Embajador de Colombia en Jap\u00f3n Santiago Pardo concuerdan en que esta es una oportunidad de aumentar la exportaci\u00f3n de productos del agro a Jap\u00f3n con el objetivo de posicionar a Colombia en este mercado.<\/span><\/p><p><span style=\"font-weight: 400;\">Resulta de inter\u00e9s para el pa\u00eds conocer acerca de los intereses y las din\u00e1micas de consumo en el exterior, pues de esta manera se pueden analizar oportunidades de mercado en el pa\u00eds destino, en este caso Jap\u00f3n, es por esto que desde Giver te asesoramos acerca de tu proceso de exportaci\u00f3n y analizamos las necesidades y oportunidades en un mercado espec\u00edfico para que tu empresa logre el \u00e9xito en el exterior.<\/span><\/p>\t\t\t\t\t\t\t\t<\/div>\n\t\t\t\t<\/div>\n\t\t\t\t\t<\/div>\n\t\t<\/div>\n\t\t\t\t<div class=\"elementor-column elementor-col-50 elementor-top-column elementor-element elementor-element-7ac70e38\" data-id=\"7ac70e38\" data-element_type=\"column\">\n\t\t\t<div class=\"elementor-widget-wrap elementor-element-populated\">\n\t\t\t\t\t\t<div class=\"elementor-element elementor-element-3857c8a3 elementor-widget elementor-widget-image\" data-id=\"3857c8a3\" data-element_type=\"widget\" data-widget_type=\"image.default\">\n\t\t\t\t<div class=\"elementor-widget-container\">\n\t\t\t\t\t\t\t\t\t\t\t\t\t\t\t<img fetchpriority=\"high\" decoding=\"async\" width=\"2560\" height=\"1707\" src=\"https:\/\/givercorp.com\/wp-content\/uploads\/2022\/08\/aerial-view-of-cargo-ship-and-cargo-container-in-harbor-scaled.jpg\" class=\"attachment-full size-full wp-image-17727\" alt=\"\" srcset=\"https:\/\/givercorp.com\/wp-content\/uploads\/2022\/08\/aerial-view-of-cargo-ship-and-cargo-container-in-harbor-scaled.jpg 2560w, https:\/\/givercorp.com\/wp-content\/uploads\/2022\/08\/aerial-view-of-cargo-ship-and-cargo-container-in-harbor-300x200.jpg 300w, https:\/\/givercorp.com\/wp-content\/uploads\/2022\/08\/aerial-view-of-cargo-ship-and-cargo-container-in-harbor-1024x683.jpg 1024w, https:\/\/givercorp.com\/wp-content\/uploads\/2022\/08\/aerial-view-of-cargo-ship-and-cargo-container-in-harbor-768x512.jpg 768w, https:\/\/givercorp.com\/wp-content\/uploads\/2022\/08\/aerial-view-of-cargo-ship-and-cargo-container-in-harbor-1536x1024.jpg 1536w, https:\/\/givercorp.com\/wp-content\/uploads\/2022\/08\/aerial-view-of-cargo-ship-and-cargo-container-in-harbor-2048x1365.jpg 2048w, https:\/\/givercorp.com\/wp-content\/uploads\/2022\/08\/aerial-view-of-cargo-ship-and-cargo-container-in-harbor-1320x880.jpg 1320w\" sizes=\"(max-width: 2560px) 100vw, 2560px\" \/>\t\t\t\t\t\t\t\t\t\t\t\t\t\t\t<\/div>\n\t\t\t\t<\/div>\n\t\t\t\t\t<\/div>\n\t\t<\/div>\n\t\t\t\t\t<\/div>\n\t\t<\/section>\n\t\t\t\t<section class=\"elementor-section elementor-top-section elementor-element elementor-element-123c4dc7 elementor-section-content-middle elementor-section-boxed elementor-section-height-default elementor-section-height-default\" data-id=\"123c4dc7\" data-element_type=\"section\">\n\t\t\t\t\t\t<div class=\"elementor-container elementor-column-gap-no\">\n\t\t\t\t\t<div class=\"elementor-column elementor-col-50 elementor-top-column elementor-element elementor-element-4d45e571\" data-id=\"4d45e571\" data-element_type=\"column\">\n\t\t\t<div class=\"elementor-widget-wrap elementor-element-populated\">\n\t\t\t\t\t\t<div class=\"elementor-element elementor-element-74d812d elementor-widget-divider--view-line elementor-widget elementor-widget-divider\" data-id=\"74d812d\" data-element_type=\"widget\" data-widget_type=\"divider.default\">\n\t\t\t\t<div class=\"elementor-widget-container\">\n\t\t\t\t\t\t\t<div class=\"elementor-divider\">\n\t\t\t<span class=\"elementor-divider-separator\">\n\t\t\t\t\t\t<\/span>\n\t\t<\/div>\n\t\t\t\t\t\t<\/div>\n\t\t\t\t<\/div>\n\t\t\t\t\t<\/div>\n\t\t<\/div>\n\t\t\t\t<div class=\"elementor-column elementor-col-50 elementor-top-column elementor-element elementor-element-3f665143\" data-id=\"3f665143\" data-element_type=\"column\">\n\t\t\t<div class=\"elementor-widget-wrap elementor-element-populated\">\n\t\t\t\t\t\t<div class=\"elementor-element elementor-element-60dfc123 elementor-widget elementor-widget-heading\" data-id=\"60dfc123\" data-element_type=\"widget\" data-widget_type=\"heading.default\">\n\t\t\t\t<div class=\"elementor-widget-container\">\n\t\t\t\t\t<h4 class=\"elementor-heading-title elementor-size-default\">Jap\u00f3n por su parte resulta ser un aliado clave<\/h4>\t\t\t\t<\/div>\n\t\t\t\t<\/div>\n\t\t\t\t<div class=\"elementor-element elementor-element-46d94d59 elementor-widget elementor-widget-text-editor\" data-id=\"46d94d59\" data-element_type=\"widget\" data-widget_type=\"text-editor.default\">\n\t\t\t\t<div class=\"elementor-widget-container\">\n\t\t\t\t\t\t\t\t\t<p><span style=\"font-weight: 400;\">Jap\u00f3n por su parte resulta ser un aliado clave para tener acceso a m\u00faltiples beneficios, pues no solo son importadores directos de los productos Colombianos, tambi\u00e9n son pieza fundamental para lograr atraer inversi\u00f3n extranjera directa al pa\u00eds, gracias a su capacidad financiera y a su potencial innovador, han expresado su inter\u00e9s en invertir en la regi\u00f3n, principalmente en pa\u00edses sudamericanos. ProColombia en su art\u00edculo \u201cEmpresa japonesa de Manufacturas escogi\u00f3 a Colombia como destino de Inversi\u00f3n\u201d plantea un claro ejemplo, pues en el a\u00f1o 2015 public\u00f3 en su art\u00edculo el inter\u00e9s de una empresa japonesa en realizar fundici\u00f3n de precisi\u00f3n en Colombia y junto con ella atraer inversi\u00f3n por parte de otras empresas para este proyecto.<\/span><\/p>\t\t\t\t\t\t\t\t<\/div>\n\t\t\t\t<\/div>\n\t\t\t\t\t<\/div>\n\t\t<\/div>\n\t\t\t\t\t<\/div>\n\t\t<\/section>\n\t\t\t\t<section class=\"elementor-section elementor-top-section elementor-element elementor-element-2ac1c1d0 elementor-section-content-middle elementor-section-boxed elementor-section-height-default elementor-section-height-default\" data-id=\"2ac1c1d0\" data-element_type=\"section\">\n\t\t\t\t\t\t<div class=\"elementor-container elementor-column-gap-no\">\n\t\t\t\t\t<div class=\"elementor-column elementor-col-100 elementor-top-column elementor-element elementor-element-754c6486\" data-id=\"754c6486\" data-element_type=\"column\">\n\t\t\t<div class=\"elementor-widget-wrap elementor-element-populated\">\n\t\t\t\t\t\t<div class=\"elementor-element elementor-element-52bc8c2a elementor-widget elementor-widget-image\" data-id=\"52bc8c2a\" data-element_type=\"widget\" data-widget_type=\"image.default\">\n\t\t\t\t<div class=\"elementor-widget-container\">\n\t\t\t\t\t\t\t\t\t\t\t\t<figure class=\"wp-caption\">\n\t\t\t\t\t\t\t\t\t\t\t<a href=\"https:\/\/givercorp.com\/wp-content\/uploads\/2022\/08\/NJDOVS6KJJG5RGWG3S2ZLHZYUE.jpg\">\n\t\t\t\t\t\t\t<img decoding=\"async\" width=\"1024\" height=\"576\" src=\"https:\/\/givercorp.com\/wp-content\/uploads\/2022\/08\/NJDOVS6KJJG5RGWG3S2ZLHZYUE-1-1024x576.jpg\" class=\"attachment-large size-large wp-image-17731\" alt=\"Copyright Revista Semana Turismo en el Valle - Foto: Cortes\u00eda Cali Valle Bureau\" srcset=\"https:\/\/givercorp.com\/wp-content\/uploads\/2022\/08\/NJDOVS6KJJG5RGWG3S2ZLHZYUE-1-1024x576.jpg 1024w, https:\/\/givercorp.com\/wp-content\/uploads\/2022\/08\/NJDOVS6KJJG5RGWG3S2ZLHZYUE-1-300x169.jpg 300w, https:\/\/givercorp.com\/wp-content\/uploads\/2022\/08\/NJDOVS6KJJG5RGWG3S2ZLHZYUE-1-768x432.jpg 768w, https:\/\/givercorp.com\/wp-content\/uploads\/2022\/08\/NJDOVS6KJJG5RGWG3S2ZLHZYUE-1.jpg 1200w\" sizes=\"(max-width: 1024px) 100vw, 1024px\" \/>\t\t\t\t\t\t\t\t<\/a>\n\t\t\t\t\t\t\t\t\t\t\t<figcaption class=\"widget-image-caption wp-caption-text\">Copyright Revista Semana Turismo en el Valle - Foto: Cortes\u00eda Cali Valle Bureau<\/figcaption>\n\t\t\t\t\t\t\t\t\t\t<\/figure>\n\t\t\t\t\t\t\t\t\t<\/div>\n\t\t\t\t<\/div>\n\t\t\t\t<div class=\"elementor-element elementor-element-1b31731 elementor-widget elementor-widget-text-editor\" data-id=\"1b31731\" data-element_type=\"widget\" data-widget_type=\"text-editor.default\">\n\t\t\t\t<div class=\"elementor-widget-container\">\n\t\t\t\t\t\t\t\t\t<p><span style=\"font-weight: 400;\">Otro de los ejemplos que hoy ofrecemos al lector, lo plantea\u00a0 Invest Pacific, quien junto a la ONUDI Organizaci\u00f3n de las Naciones Unidas para el Desarrollo Industrial plantearon en la <\/span><span style=\"font-weight: 400;\">Conferencia de Negocios <\/span><i><span style=\"font-weight: 400;\">\u2018El Valle del Cauca, plataforma log\u00edstica y exportadora para las compa\u00f1\u00edas asi\u00e1ticas\u2019 <\/span><\/i><span style=\"font-weight: 400;\">la importancia de Valle del cauca en el crecimiento econ\u00f3mico de la regi\u00f3n, pues para 2021 contaban con 10 empresas asi\u00e1ticas instaladas en este departamento, demostrando optimizaci\u00f3n en el desarrollo de operaciones de servicios, log\u00edstica, agroindustria y eficiencia en manufacturas a costos atractivos para los inversores, adem\u00e1s de que gracias a su ubicaci\u00f3n geogr\u00e1fica ha logrado posicionarse como una de las regiones m\u00e1s atractivas para la inversi\u00f3n extranjera directa pues tiene acceso directo al puerto de Buenaventura y es hogar de siete zonas francas del pa\u00eds, por lo que facilita el comercio internacional reduciendo costos de transporte.\u00a0<\/span><\/p><p><b>\u00bfQu\u00e9 opinas t\u00fa, invertir\u00edas en nuestro pa\u00eds?\u00a0\u00a0\u00a0\u00a0\u00a0<\/b><span style=\"font-weight: 400;\">\u00a0<\/span><\/p>\t\t\t\t\t\t\t\t<\/div>\n\t\t\t\t<\/div>\n\t\t\t\t\t<\/div>\n\t\t<\/div>\n\t\t\t\t\t<\/div>\n\t\t<\/section>\n\t\t\t\t<section class=\"elementor-section elementor-top-section elementor-element elementor-element-3abcd8fc elementor-section-content-middle elementor-section-boxed elementor-section-height-default elementor-section-height-default\" data-id=\"3abcd8fc\" data-element_type=\"section\" data-settings=\"{&quot;background_background&quot;:&quot;classic&quot;}\">\n\t\t\t\t\t\t\t<div class=\"elementor-background-overlay\"><\/div>\n\t\t\t\t\t\t\t<div class=\"elementor-container elementor-column-gap-extended\">\n\t\t\t\t\t<div class=\"elementor-column elementor-col-33 elementor-top-column elementor-element elementor-element-67a1385b\" data-id=\"67a1385b\" data-element_type=\"column\">\n\t\t\t<div class=\"elementor-widget-wrap elementor-element-populated\">\n\t\t\t\t\t\t<div class=\"elementor-element elementor-element-4e48c3af elementor-invisible elementor-widget elementor-widget-heading\" data-id=\"4e48c3af\" data-element_type=\"widget\" data-settings=\"{&quot;_animation&quot;:&quot;fadeIn&quot;}\" data-widget_type=\"heading.default\">\n\t\t\t\t<div class=\"elementor-widget-container\">\n\t\t\t\t\t<h1 class=\"elementor-heading-title elementor-size-xl\">contact<\/h1>\t\t\t\t<\/div>\n\t\t\t\t<\/div>\n\t\t\t\t<div class=\"elementor-element elementor-element-67af95ee elementor-widget elementor-widget-text-editor\" data-id=\"67af95ee\" data-element_type=\"widget\" data-widget_type=\"text-editor.default\">\n\t\t\t\t<div class=\"elementor-widget-container\">\n\t\t\t\t\t\t\t\t\t<p>gerencia@givercorp.com<br \/>gerenciacomercial@givercorp.com\u00a0 \u00a0 \u00a0 \u00a0 \u00a0 \u00a0 \u00a0 \u00a0 \u00a0 \u00a0 \u00a0 \u00a0 \u00a0 \u00a0 \u00a0 \u00a0 \u00a0 \u00a0 \u00a0 \u00a0 \u00a0 \u00a0 \u00a0 \u00a0 \u00a0 \u00a0 \u00a0 +57 322 902 0026 +57 319 586 5654<\/p>\t\t\t\t\t\t\t\t<\/div>\n\t\t\t\t<\/div>\n\t\t\t\t\t<\/div>\n\t\t<\/div>\n\t\t\t\t<div class=\"elementor-column elementor-col-33 elementor-top-column elementor-element elementor-element-74dbc04b\" data-id=\"74dbc04b\" data-element_type=\"column\">\n\t\t\t<div class=\"elementor-widget-wrap\">\n\t\t\t\t\t\t\t<\/div>\n\t\t<\/div>\n\t\t\t\t<div class=\"elementor-column elementor-col-33 elementor-top-column elementor-element elementor-element-7bb9efeb\" data-id=\"7bb9efeb\" data-element_type=\"column\">\n\t\t\t<div class=\"elementor-widget-wrap elementor-element-populated\">\n\t\t\t\t\t\t<div class=\"elementor-element elementor-element-4ad8e50 elementor-widget elementor-widget-image\" data-id=\"4ad8e50\" data-element_type=\"widget\" data-widget_type=\"image.default\">\n\t\t\t\t<div class=\"elementor-widget-container\">\n\t\t\t\t\t\t\t\t\t\t\t\t\t\t\t<img decoding=\"async\" width=\"1024\" height=\"576\" src=\"https:\/\/givercorp.com\/wp-content\/uploads\/2022\/03\/logo-blanco-1024x576.png\" class=\"attachment-large size-large wp-image-17295\" alt=\"\" srcset=\"https:\/\/givercorp.com\/wp-content\/uploads\/2022\/03\/logo-blanco-1024x576.png 1024w, https:\/\/givercorp.com\/wp-content\/uploads\/2022\/03\/logo-blanco-300x169.png 300w, https:\/\/givercorp.com\/wp-content\/uploads\/2022\/03\/logo-blanco-768x432.png 768w, https:\/\/givercorp.com\/wp-content\/uploads\/2022\/03\/logo-blanco-1536x864.png 1536w, https:\/\/givercorp.com\/wp-content\/uploads\/2022\/03\/logo-blanco-1320x743.png 1320w, https:\/\/givercorp.com\/wp-content\/uploads\/2022\/03\/logo-blanco.png 1920w\" sizes=\"(max-width: 1024px) 100vw, 1024px\" \/>\t\t\t\t\t\t\t\t\t\t\t\t\t\t\t<\/div>\n\t\t\t\t<\/div>\n\t\t\t\t\t<\/div>\n\t\t<\/div>\n\t\t\t\t\t<\/div>\n\t\t<\/section>\n\t\t\t\t<section class=\"elementor-section elementor-top-section elementor-element elementor-element-1795680b elementor-section-boxed elementor-section-height-default elementor-section-height-default\" data-id=\"1795680b\" data-element_type=\"section\" data-settings=\"{&quot;background_background&quot;:&quot;classic&quot;}\">\n\t\t\t\t\t\t<div class=\"elementor-container elementor-column-gap-default\">\n\t\t\t\t\t<div class=\"elementor-column elementor-col-100 elementor-top-column elementor-element elementor-element-7a6630b\" data-id=\"7a6630b\" data-element_type=\"column\">\n\t\t\t<div class=\"elementor-widget-wrap elementor-element-populated\">\n\t\t\t\t\t\t<div class=\"elementor-element elementor-element-6e8ce067 elementor-widget elementor-widget-elementskit-heading\" data-id=\"6e8ce067\" data-element_type=\"widget\" data-widget_type=\"elementskit-heading.default\">\n\t\t\t\t<div class=\"elementor-widget-container\">\n\t\t\t\t\t<div class=\"ekit-wid-con\" ><div class=\"ekit-heading elementskit-section-title-wraper text_center   ekit_heading_tablet-   ekit_heading_mobile-text_center\"><p class=\"ekit-heading--title elementskit-section-title \">\u00a9 2022  All rights reserved<\/p><\/div><\/div>\t\t\t\t<\/div>\n\t\t\t\t<\/div>\n\t\t\t\t\t<\/div>\n\t\t<\/div>\n\t\t\t\t\t<\/div>\n\t\t<\/section>\n\t\t\t\t<\/div>\n\t\t","protected":false},"excerpt":{"rendered":"<p>Escrito por Paula Espa\u00f1ol Relaciones comerciales entre Colombia y Jap\u00f3n Por a\u00f1os Colombia y Jap\u00f3n han sostenido una relaci\u00f3n pol\u00edtica y comercial de gran \u00e9xito que ha brindado acceso a [&hellip;]<\/p>\n","protected":false},"author":2,"featured_media":0,"parent":0,"menu_order":0,"comment_status":"closed","ping_status":"closed","template":"","meta":{"inline_featured_image":false,"_uag_custom_page_level_css":"","footnotes":""},"class_list":["post-17724","page","type-page","status-publish","hentry","entry"],"yoast_head":"<!-- This site is optimized with the Yoast SEO plugin v26.3 - https:\/\/yoast.com\/wordpress\/plugins\/seo\/ -->\n<title>Relaciones comerciales entre Colombia y Jap\u00f3n - Giver Corp<\/title>\n<meta name=\"robots\" content=\"index, follow, max-snippet:-1, max-image-preview:large, max-video-preview:-1\" \/>\n<link rel=\"canonical\" href=\"https:\/\/givercorp-com-383715.hostingersite.com\/index.php\/relaciones-comerciales-entre-colombia-y-japon\/\" \/>\n<meta property=\"og:locale\" content=\"es_ES\" \/>\n<meta property=\"og:type\" content=\"article\" \/>\n<meta property=\"og:title\" content=\"Relaciones comerciales entre Colombia y Jap\u00f3n - Giver Corp\" \/>\n<meta property=\"og:description\" content=\"Escrito por Paula Espa\u00f1ol Relaciones comerciales entre Colombia y Jap\u00f3n Por a\u00f1os Colombia y Jap\u00f3n han sostenido una relaci\u00f3n pol\u00edtica y comercial de gran \u00e9xito que ha brindado acceso a [&hellip;]\" \/>\n<meta property=\"og:url\" content=\"https:\/\/givercorp-com-383715.hostingersite.com\/index.php\/relaciones-comerciales-entre-colombia-y-japon\/\" \/>\n<meta property=\"og:site_name\" content=\"Giver Corp\" \/>\n<meta property=\"article:modified_time\" content=\"2022-08-15T00:43:38+00:00\" \/>\n<meta property=\"og:image\" content=\"https:\/\/givercorp-com-383715.hostingersite.com\/wp-content\/uploads\/2022\/08\/BLOGGER-PORTADA-1.jpg\" \/>\n<meta name=\"twitter:card\" content=\"summary_large_image\" \/>\n<meta name=\"twitter:label1\" content=\"Tiempo de lectura\" \/>\n\t<meta name=\"twitter:data1\" content=\"4 minutos\" \/>\n<script type=\"application\/ld+json\" class=\"yoast-schema-graph\">{\"@context\":\"https:\/\/schema.org\",\"@graph\":[{\"@type\":\"WebPage\",\"@id\":\"https:\/\/givercorp-com-383715.hostingersite.com\/index.php\/relaciones-comerciales-entre-colombia-y-japon\/\",\"url\":\"https:\/\/givercorp-com-383715.hostingersite.com\/index.php\/relaciones-comerciales-entre-colombia-y-japon\/\",\"name\":\"Relaciones comerciales entre Colombia y Jap\u00f3n - Giver Corp\",\"isPartOf\":{\"@id\":\"https:\/\/givercorp-com-383715.hostingersite.com\/#website\"},\"primaryImageOfPage\":{\"@id\":\"https:\/\/givercorp-com-383715.hostingersite.com\/index.php\/relaciones-comerciales-entre-colombia-y-japon\/#primaryimage\"},\"image\":{\"@id\":\"https:\/\/givercorp-com-383715.hostingersite.com\/index.php\/relaciones-comerciales-entre-colombia-y-japon\/#primaryimage\"},\"thumbnailUrl\":\"https:\/\/givercorp.com\/wp-content\/uploads\/2022\/08\/BLOGGER-PORTADA-1.jpg\",\"datePublished\":\"2022-08-11T18:48:42+00:00\",\"dateModified\":\"2022-08-15T00:43:38+00:00\",\"breadcrumb\":{\"@id\":\"https:\/\/givercorp-com-383715.hostingersite.com\/index.php\/relaciones-comerciales-entre-colombia-y-japon\/#breadcrumb\"},\"inLanguage\":\"es\",\"potentialAction\":[{\"@type\":\"ReadAction\",\"target\":[\"https:\/\/givercorp-com-383715.hostingersite.com\/index.php\/relaciones-comerciales-entre-colombia-y-japon\/\"]}]},{\"@type\":\"ImageObject\",\"inLanguage\":\"es\",\"@id\":\"https:\/\/givercorp-com-383715.hostingersite.com\/index.php\/relaciones-comerciales-entre-colombia-y-japon\/#primaryimage\",\"url\":\"https:\/\/givercorp.com\/wp-content\/uploads\/2022\/08\/BLOGGER-PORTADA-1.jpg\",\"contentUrl\":\"https:\/\/givercorp.com\/wp-content\/uploads\/2022\/08\/BLOGGER-PORTADA-1.jpg\",\"width\":2079,\"height\":906},{\"@type\":\"BreadcrumbList\",\"@id\":\"https:\/\/givercorp-com-383715.hostingersite.com\/index.php\/relaciones-comerciales-entre-colombia-y-japon\/#breadcrumb\",\"itemListElement\":[{\"@type\":\"ListItem\",\"position\":1,\"name\":\"Home\",\"item\":\"https:\/\/givercorp.com\/\"},{\"@type\":\"ListItem\",\"position\":2,\"name\":\"Relaciones comerciales entre Colombia y Jap\u00f3n\"}]},{\"@type\":\"WebSite\",\"@id\":\"https:\/\/givercorp-com-383715.hostingersite.com\/#website\",\"url\":\"https:\/\/givercorp-com-383715.hostingersite.com\/\",\"name\":\"Giver Corp\",\"description\":\"Agencia de internacionalizaci\u00f3n\",\"publisher\":{\"@id\":\"https:\/\/givercorp-com-383715.hostingersite.com\/#organization\"},\"potentialAction\":[{\"@type\":\"SearchAction\",\"target\":{\"@type\":\"EntryPoint\",\"urlTemplate\":\"https:\/\/givercorp-com-383715.hostingersite.com\/?s={search_term_string}\"},\"query-input\":{\"@type\":\"PropertyValueSpecification\",\"valueRequired\":true,\"valueName\":\"search_term_string\"}}],\"inLanguage\":\"es\"},{\"@type\":\"Organization\",\"@id\":\"https:\/\/givercorp-com-383715.hostingersite.com\/#organization\",\"name\":\"Giver Corp\",\"url\":\"https:\/\/givercorp-com-383715.hostingersite.com\/\",\"logo\":{\"@type\":\"ImageObject\",\"inLanguage\":\"es\",\"@id\":\"https:\/\/givercorp-com-383715.hostingersite.com\/#\/schema\/logo\/image\/\",\"url\":\"https:\/\/givercorp.com\/wp-content\/uploads\/2022\/08\/cropped-logo-giver-color.png\",\"contentUrl\":\"https:\/\/givercorp.com\/wp-content\/uploads\/2022\/08\/cropped-logo-giver-color.png\",\"width\":1920,\"height\":599,\"caption\":\"Giver Corp\"},\"image\":{\"@id\":\"https:\/\/givercorp-com-383715.hostingersite.com\/#\/schema\/logo\/image\/\"}}]}<\/script>\n<!-- \/ Yoast SEO plugin. -->","yoast_head_json":{"title":"Relaciones comerciales entre Colombia y Jap\u00f3n - Giver Corp","robots":{"index":"index","follow":"follow","max-snippet":"max-snippet:-1","max-image-preview":"max-image-preview:large","max-video-preview":"max-video-preview:-1"},"canonical":"https:\/\/givercorp-com-383715.hostingersite.com\/index.php\/relaciones-comerciales-entre-colombia-y-japon\/","og_locale":"es_ES","og_type":"article","og_title":"Relaciones comerciales entre Colombia y Jap\u00f3n - Giver Corp","og_description":"Escrito por Paula Espa\u00f1ol Relaciones comerciales entre Colombia y Jap\u00f3n Por a\u00f1os Colombia y Jap\u00f3n han sostenido una relaci\u00f3n pol\u00edtica y comercial de gran \u00e9xito que ha brindado acceso a [&hellip;]","og_url":"https:\/\/givercorp-com-383715.hostingersite.com\/index.php\/relaciones-comerciales-entre-colombia-y-japon\/","og_site_name":"Giver Corp","article_modified_time":"2022-08-15T00:43:38+00:00","og_image":[{"url":"https:\/\/givercorp-com-383715.hostingersite.com\/wp-content\/uploads\/2022\/08\/BLOGGER-PORTADA-1.jpg","type":"","width":"","height":""}],"twitter_card":"summary_large_image","twitter_misc":{"Tiempo de lectura":"4 minutos"},"schema":{"@context":"https:\/\/schema.org","@graph":[{"@type":"WebPage","@id":"https:\/\/givercorp-com-383715.hostingersite.com\/index.php\/relaciones-comerciales-entre-colombia-y-japon\/","url":"https:\/\/givercorp-com-383715.hostingersite.com\/index.php\/relaciones-comerciales-entre-colombia-y-japon\/","name":"Relaciones comerciales entre Colombia y Jap\u00f3n - Giver Corp","isPartOf":{"@id":"https:\/\/givercorp-com-383715.hostingersite.com\/#website"},"primaryImageOfPage":{"@id":"https:\/\/givercorp-com-383715.hostingersite.com\/index.php\/relaciones-comerciales-entre-colombia-y-japon\/#primaryimage"},"image":{"@id":"https:\/\/givercorp-com-383715.hostingersite.com\/index.php\/relaciones-comerciales-entre-colombia-y-japon\/#primaryimage"},"thumbnailUrl":"https:\/\/givercorp.com\/wp-content\/uploads\/2022\/08\/BLOGGER-PORTADA-1.jpg","datePublished":"2022-08-11T18:48:42+00:00","dateModified":"2022-08-15T00:43:38+00:00","breadcrumb":{"@id":"https:\/\/givercorp-com-383715.hostingersite.com\/index.php\/relaciones-comerciales-entre-colombia-y-japon\/#breadcrumb"},"inLanguage":"es","potentialAction":[{"@type":"ReadAction","target":["https:\/\/givercorp-com-383715.hostingersite.com\/index.php\/relaciones-comerciales-entre-colombia-y-japon\/"]}]},{"@type":"ImageObject","inLanguage":"es","@id":"https:\/\/givercorp-com-383715.hostingersite.com\/index.php\/relaciones-comerciales-entre-colombia-y-japon\/#primaryimage","url":"https:\/\/givercorp.com\/wp-content\/uploads\/2022\/08\/BLOGGER-PORTADA-1.jpg","contentUrl":"https:\/\/givercorp.com\/wp-content\/uploads\/2022\/08\/BLOGGER-PORTADA-1.jpg","width":2079,"height":906},{"@type":"BreadcrumbList","@id":"https:\/\/givercorp-com-383715.hostingersite.com\/index.php\/relaciones-comerciales-entre-colombia-y-japon\/#breadcrumb","itemListElement":[{"@type":"ListItem","position":1,"name":"Home","item":"https:\/\/givercorp.com\/"},{"@type":"ListItem","position":2,"name":"Relaciones comerciales entre Colombia y Jap\u00f3n"}]},{"@type":"WebSite","@id":"https:\/\/givercorp-com-383715.hostingersite.com\/#website","url":"https:\/\/givercorp-com-383715.hostingersite.com\/","name":"Giver Corp","description":"Agencia de internacionalizaci\u00f3n","publisher":{"@id":"https:\/\/givercorp-com-383715.hostingersite.com\/#organization"},"potentialAction":[{"@type":"SearchAction","target":{"@type":"EntryPoint","urlTemplate":"https:\/\/givercorp-com-383715.hostingersite.com\/?s={search_term_string}"},"query-input":{"@type":"PropertyValueSpecification","valueRequired":true,"valueName":"search_term_string"}}],"inLanguage":"es"},{"@type":"Organization","@id":"https:\/\/givercorp-com-383715.hostingersite.com\/#organization","name":"Giver Corp","url":"https:\/\/givercorp-com-383715.hostingersite.com\/","logo":{"@type":"ImageObject","inLanguage":"es","@id":"https:\/\/givercorp-com-383715.hostingersite.com\/#\/schema\/logo\/image\/","url":"https:\/\/givercorp.com\/wp-content\/uploads\/2022\/08\/cropped-logo-giver-color.png","contentUrl":"https:\/\/givercorp.com\/wp-content\/uploads\/2022\/08\/cropped-logo-giver-color.png","width":1920,"height":599,"caption":"Giver Corp"},"image":{"@id":"https:\/\/givercorp-com-383715.hostingersite.com\/#\/schema\/logo\/image\/"}}]}},"uagb_featured_image_src":{"full":false,"thumbnail":false,"medium":false,"medium_large":false,"large":false,"1536x1536":false,"2048x2048":false,"bm-post-thumb":false,"bm-post-medium":false,"ocean-thumb-m":false,"ocean-thumb-ml":false,"ocean-thumb-l":false,"mailpoet_newsletter_max":false},"uagb_author_info":{"display_name":"Nicolas Gutierrez","author_link":"https:\/\/givercorp.com\/index.php\/author\/nico\/"},"uagb_comment_info":0,"uagb_excerpt":"Escrito por Paula Espa\u00f1ol Relaciones comerciales entre Colombia y Jap\u00f3n Por a\u00f1os Colombia y Jap\u00f3n han sostenido una relaci\u00f3n pol\u00edtica y comercial de gran \u00e9xito que ha brindado acceso a [&hellip;]","_links":{"self":[{"href":"https:\/\/givercorp.com\/index.php\/wp-json\/wp\/v2\/pages\/17724","targetHints":{"allow":["GET"]}}],"collection":[{"href":"https:\/\/givercorp.com\/index.php\/wp-json\/wp\/v2\/pages"}],"about":[{"href":"https:\/\/givercorp.com\/index.php\/wp-json\/wp\/v2\/types\/page"}],"author":[{"embeddable":true,"href":"https:\/\/givercorp.com\/index.php\/wp-json\/wp\/v2\/users\/2"}],"replies":[{"embeddable":true,"href":"https:\/\/givercorp.com\/index.php\/wp-json\/wp\/v2\/comments?post=17724"}],"version-history":[{"count":17,"href":"https:\/\/givercorp.com\/index.php\/wp-json\/wp\/v2\/pages\/17724\/revisions"}],"predecessor-version":[{"id":18081,"href":"https:\/\/givercorp.com\/index.php\/wp-json\/wp\/v2\/pages\/17724\/revisions\/18081"}],"wp:attachment":[{"href":"https:\/\/givercorp.com\/index.php\/wp-json\/wp\/v2\/media?parent=17724"}],"curies":[{"name":"wp","href":"https:\/\/api.w.org\/{rel}","templated":true}]}}